{"id":540,"date":"2019-12-02T17:12:44","date_gmt":"2019-12-02T16:12:44","guid":{"rendered":"https:\/\/inemproject.com\/home\/"},"modified":"2020-10-06T18:57:29","modified_gmt":"2020-10-06T16:57:29","slug":"home","status":"publish","type":"page","link":"https:\/\/inemproject.com\/de\/","title":{"rendered":"Home"},"content":{"rendered":"<p>[vc_row full_width=&#8220;stretch_row_content_no_spaces&#8220;][vc_column][rev_slider_vc alias=&#8220;inemhome&#8220;][\/vc_column][\/vc_row][vc_row full_width=&#8220;stretch_row_content&#8220; row_type=&#8220;parallax&#8220; content_width=&#8220;grid&#8220; full_screen_section_height=&#8220;yes&#8220; vertically_align_content_in_middle=&#8220;yes&#8220; parallax_background_image=&#8220;30&#8243; css=&#8220;.vc_custom_1602003118291{margin-top: -50px !important;padding-top: 15px !important;padding-right: 30px !important;padding-bottom: 15px !important;padding-left: 30px !important;background-image: url(http:\/\/inemproject.com\/wp-content\/uploads\/2019\/12\/home-13-image-2.jpg?id=51) !important;background-position: center !important;background-repeat: no-repeat !important;background-size: cover !important;}&#8220;][vc_column offset=&#8220;vc_col-lg-6 vc_col-md-12&#8243;][vc_column_text]<\/p>\n<div id=\"progetto\"><\/div>\n<p>[\/vc_column_text][vc_column_text]<\/p>\n<h3 class=\"edgtf-custom-font-holder\" style=\"color: #52ad5b;\" data-font-size=\"50\" data-line-height=\"55\">DAS PROJEKT<\/h3>\n<p>Das Projekt INEM hat es sich zum Ziel gesetzt, den Austausch von Good Practice-Beispielen im Integrationsbereich zu f\u00f6rdern.[\/vc_column_text][vc_column_text]<iframe loading=\"lazy\" src=\"https:\/\/www.youtube.com\/embed\/QOKt4kzZPzE\" width=\"100%\" height=\"350px\" frameborder=\"0\" allowfullscreen=\"allowfullscreen\"><\/iframe>[\/vc_column_text][\/vc_column][vc_column offset=&#8220;vc_col-lg-6 vc_col-md-12&#8243;][vc_column_text]<\/p>\n<div id=\"obiettivi\"><\/div>\n<p>[\/vc_column_text][vc_column_text]<\/p>\n<h3 class=\"edgtf-custom-font-holder\" style=\"color: #52ad5b;\" data-font-size=\"50\" data-line-height=\"55\">UNSERE ZIELE<\/h3>\n<p>[\/vc_column_text][vc_column_text]Der Fokus von INEM liegt auf der F\u00f6rderung von Netzwerken zwischen lokalen, privaten und \u00f6ffentlichen Organisationen, welche im Integrationsbereich t\u00e4tig sind. Spezifische Ziele sind:<\/p>\n<ul>\n<li>Die Identifizierung und Weitergabe von Erfolgsmodellen und die F\u00f6rderung von Einigungen und Netzwerkbildungen innerhalb der EU im Sinne zuk\u00fcnftiger Projekte<\/li>\n<li>Dazu werden immer wieder neue Individuen und Organisationen zu INEM eingeladen<\/li>\n<li>Die Unterst\u00fctzung von Organisationen mittels Beratungst\u00e4tigkeiten<\/li>\n<li>F\u00f6rderung von peer-to-peer-Trainings f\u00fcr ausf\u00fchrende Angestellte und Besch\u00e4ftigte im Bereich Integration<\/li>\n<\/ul>\n<p>[\/vc_column_text][vc_empty_space height=&#8220;40px&#8220;][\/vc_column][\/vc_row][vc_section full_width=&#8220;stretch_row_content&#8220; css=&#8220;.vc_custom_1575367407485{padding-top: 60px !important;padding-bottom: 60px !important;background-image: url(http:\/\/inemproject.com\/wp-content\/uploads\/2019\/12\/home-13-image-3.jpg?id=52) !important;background-position: center !important;background-repeat: no-repeat !important;background-size: cover !important;}&#8220;][vc_row][vc_column width=&#8220;1\/2&#8243; css=&#8220;.vc_custom_1572249034460{padding-left: 30px !important;}&#8220;][vc_icon type=&#8220;typicons&#8220; icon_typicons=&#8220;typcn typcn-world-outline&#8220; color=&#8220;white&#8220; background_style=&#8220;rounded&#8220; background_color=&#8220;custom&#8220; align=&#8220;center&#8220; custom_background_color=&#8220;#52ad5b&#8220;][vc_column_text]<\/p>\n<h4 style=\"color: #ffffff; text-align: center;\">NETZWERKBILDUNG<\/h4>\n<ul style=\"color: #ffffff;\">\n<li style=\"list-style-type: none;\">\n<ul style=\"color: #ffffff;\">\n<li>Drei Meetings: Kick-Off-Meeting in Italien, Interim-Meeting in Deutschland, Abschluss-Meeting in Griechenland<\/li>\n<li>Webseite des Projekts<\/li>\n<li>e-Newsletter<\/li>\n<li>Formalisierung des INEM-Netzwerkes<\/li>\n<\/ul>\n<p>[\/vc_column_text][\/vc_column][vc_column width=&#8220;1\/2&#8243; css=&#8220;.vc_custom_1572249045859{padding-right: 30px !important;}&#8220;][vc_icon type=&#8220;typicons&#8220; icon_typicons=&#8220;typcn typcn-group-outline&#8220; color=&#8220;white&#8220; background_style=&#8220;rounded&#8220; background_color=&#8220;custom&#8220; align=&#8220;center&#8220; custom_background_color=&#8220;#52ad5b&#8220;][vc_column_text]<\/p>\n<h4 style=\"color: #ffffff; text-align: center;\">ARBEITSGRUPPE<\/h4>\n<p><span style=\"color: #ffffff;\">Drei Arbeitsgruppen werden sich mit Bildung, Karrieresupport und Arbeitsmarktpolitik f\u00fcr Migranten auseinandersetzen. Im Detail bedeutet dies:<\/span><\/p>\n<ul style=\"color: #ffffff;\">\n<li style=\"list-style-type: none;\">\n<ul style=\"color: #ffffff;\">\n<li>Die Analyse von Good Practice<\/li>\n<li>Austausch und \u00dcbernahme von Richtlinien<\/li>\n<li>Unterst\u00fctzungsleistung<\/li>\n<li>Weiterbildungen f\u00fcr Netzwerkteilnehmer*innen<\/li>\n<\/ul>\n<p>[\/vc_column_text][\/vc_column][\/vc_row][vc_row][vc_column width=&#8220;1\/2&#8243; css=&#8220;.vc_custom_1572249485895{padding-left: 30px !important;}&#8220;][vc_icon type=&#8220;typicons&#8220; icon_typicons=&#8220;typcn typcn-edit&#8220; color=&#8220;white&#8220; background_style=&#8220;rounded&#8220; background_color=&#8220;custom&#8220; align=&#8220;center&#8220; custom_background_color=&#8220;#52ad5b&#8220;][vc_column_text css=&#8220;.vc_custom_1590752416027{padding-right: 15px !important;}&#8220;]<\/p>\n<h4 style=\"color: #ffffff; text-align: center;\">EXPERIMENT<\/h4>\n<p><span style=\"color: #ffffff;\">Die Partnerl\u00e4nder \u00fcbernehmen eine oder mehrere zuvor analysierte und evaluierte Erfolgsmodelle f\u00fcr ihren lokalen Kontext <\/span>[\/vc_column_text][\/vc_column][vc_column width=&#8220;1\/2&#8243; css=&#8220;.vc_custom_1572249069823{padding-right: 30px !important;}&#8220;][vc_icon type=&#8220;typicons&#8220; icon_typicons=&#8220;typcn typcn-video-outline&#8220; color=&#8220;white&#8220; background_style=&#8220;rounded&#8220; background_color=&#8220;custom&#8220; align=&#8220;center&#8220; custom_background_color=&#8220;#52ad5b&#8220;][vc_column_text]<\/p>\n<h4 style=\"color: #ffffff; text-align: center;\">Management von Wissen<\/h4>\n<ul style=\"color: #ffffff;\">\n<li style=\"list-style-type: none;\">\n<ul style=\"color: #ffffff;\">\n<li>Implizite Kodifizierung von Wissen<\/li>\n<li>\u00dcbernahme und Ver\u00f6ffentlichen des Projekthandbuchs<\/li>\n<li>Video-Tutorials zur Unterst\u00fctzung bei der Implementierung von Good Practice<\/li>\n<\/ul>\n<p>[\/vc_column_text][\/vc_column][\/vc_row][\/vc_section][vc_row full_width=&#8220;stretch_row_content&#8220; row_type=&#8220;parallax&#8220; full_screen_section_height=&#8220;no&#8220; parallax_background_image=&#8220;38&#8243; css=&#8220;.vc_custom_1575367270495{padding-top: 30px !important;padding-right: 60px !important;padding-bottom: 30px !important;padding-left: 60px !important;background-image: url(http:\/\/inemproject.com\/wp-content\/uploads\/2019\/12\/home-13-image-4.jpg?id=53) !important;background-position: center !important;background-repeat: no-repeat !important;background-size: cover !important;}&#8220;][vc_column width=&#8220;1\/2&#8243; css=&#8220;.vc_custom_1557828799277{padding-top: 30px !important;}&#8220;][vc_column_text]<\/p>\n<h3 class=\"edgtf-custom-font-holder\" style=\"color: #52ad5b;\" data-font-size=\"50\" data-line-height=\"55\">SIE BRAUCHEN MEHR INFORMATIONEN?<\/h3>\n<p>[\/vc_column_text][vc_column_text]Dann f\u00fcllen Sie bitte das beigef\u00fcgte Formular aus.<br \/>\nWir melden uns schnellstm\u00f6glich bei Ihnen.<\/p>\n<p>\r\n        \r\n\r\n                <form class=\"wpuf-form-add weforms-11  wpuf-style\" action=\"\" method=\"post\"   id=\"\">\r\n\r\n            <ul class=\"wpuf-form form-label-above\">\r\n\r\n                        <li class=\"wpuf-el name field-size-large\" data-label=\"Name\">\r\n                    <div class=\"wpuf-label\">\r\n            <label for=\"name_11\">Name <span class=\"required\">*<\/span><\/label>\r\n        <\/div>\r\n        \r\n            <div class=\"wpuf-fields\">\r\n                <div class=\"wpuf-name-field-wrap format-first-last\" data-style=\"wpuf-style\">\r\n                    <div class=\"wpuf-name-field-first-name\">\r\n                        <input\r\n                            name=\"name[first]\"\r\n                            type=\"text\"\r\n                            placeholder=\"\"\r\n                            value=\"\"\r\n                            size=\"40\"\r\n                            data-required=\"yes\"\r\n                            data-type=\"text\"\r\n                            data-style=\"wpuf-style\"\r\n                            class=\"textfield wpuf_name_11\"\r\n                            autocomplete=\"given-name\"\r\n                        >\r\n                                                    <label class=\"wpuf-form-sub-label\" data-style=\"wpuf-style\">First<\/label>\r\n                                            <\/div>\r\n\r\n                                            <input type=\"hidden\" name=\"name[middle]\" value=\"\">\r\n                    \r\n                    <div class=\"wpuf-name-field-last-name\">\r\n                        <input\r\n                            name=\"name[last]\"\r\n                            type=\"text\" class=\"textfield\"\r\n                            placeholder=\"\"\r\n                            value=\"\"\r\n                            size=\"40\"\r\n                            autocomplete=\"family-name\"\r\n                            data-style=\"wpuf-style\"\r\n                        >\r\n                                                    <label class=\"wpuf-form-sub-label\" data-style=\"wpuf-style\">Last<\/label>\r\n                                            <\/div>\r\n                <\/div>\r\n                            <\/div>\r\n        <\/li>\r\n                <li class=\"wpuf-el email field-size-large\" data-label=\"Email\">\r\n                    <div class=\"wpuf-label\">\r\n            <label for=\"email_11\">Email <span class=\"required\">*<\/span><\/label>\r\n        <\/div>\r\n        \r\n            <div class=\"wpuf-fields\">\r\n                <input\r\n                    id=\"email_11\"\r\n                    type=\"email\"\r\n                    class=\"email  wpuf_email_11\"\r\n                    data-duplicate=\"\"\r\n                    data-required=\"yes\"\r\n                    data-type=\"email\"\r\n                    data-style=\"wpuf-style\"\r\n                    name=\"email\"\r\n                    placeholder=\"\"\r\n                    value=\"\"\r\n                    size=\"40\"\r\n                    autocomplete=\"email\"\r\n                \/>\r\n                            <\/div>\r\n        <\/li>\r\n                <li class=\"wpuf-el message field-size-large\" data-label=\"Message\">\r\n                    <div class=\"wpuf-label\">\r\n            <label for=\"message_11\">Message <span class=\"required\">*<\/span><\/label>\r\n        <\/div>\r\n                                    <div class=\"wpuf-fields\">\r\n            \r\n                                    <textarea\r\n                        class=\"textareafield  wpuf_message_11\"\r\n                        id=\"message_11\"\r\n                        name=\"message\"\r\n                        data-required=\"yes\"\r\n                        data-type=\"textarea\"\r\n                        placeholder=\"\"\r\n                        rows=\"5\"\r\n                        cols=\"25\"\r\n                        data-style=\"wpuf-style\"\r\n                    ><\/textarea>\r\n                    <span class=\"wpuf-wordlimit-message wpuf-help\"><\/span>\r\n\r\n                \r\n                        <\/div><\/li>\r\n                <li class=\"wpuf-submit\">\r\n            <div class=\"wpuf-label\">\r\n                &nbsp;\r\n            <\/div>\r\n\r\n            <input type=\"hidden\" id=\"_wpnonce\" name=\"_wpnonce\" value=\"82d96003c8\" \/><input type=\"hidden\" name=\"_wp_http_referer\" value=\"\/de\/wp-json\/wp\/v2\/pages\/540\" \/>\r\n            <input type=\"hidden\" name=\"form_id\" value=\"11\">\r\n            <input type=\"hidden\" name=\"page_id\" value=\"540\">\r\n            <input type=\"hidden\" name=\"action\" value=\"weforms_frontend_submit\">\r\n\r\n                            <input type=\"hidden\" name=\"weforms-front-report\" value=\"no\">\r\n            \r\n            \r\n                            <input type=\"submit\" class=\"weforms_submit_btn wpuf_submit_11\" name=\"submit\" value=\"Submit\" \/>\r\n                    <\/li>\r\n                <\/ul>\r\n\r\n        <\/form>\r\n                [\/vc_column_text][vc_empty_space height=&#8220;10px&#8220;][\/vc_column][vc_column width=&#8220;1\/2&#8243; css=&#8220;.vc_custom_1557828810130{padding-top: 30px !important;}&#8220;][vc_column_text]<\/p>\n<h3 class=\"edgtf-custom-font-holder\" style=\"color: #52ad5b;\" data-font-size=\"50\" data-line-height=\"55\">ORGANISATIONEN<\/h3>\n<p>[\/vc_column_text][vc_column_text]Beteiligte Organisationen in Europa: [\/vc_column_text][vc_single_image image=&#8220;55&#8243; img_size=&#8220;medium&#8220; alignment=&#8220;center&#8220; onclick=&#8220;custom_link&#8220; img_link_target=&#8220;_blank&#8220; link=&#8220;http:\/\/www.ikf-fulda.de&#8220;][vc_single_image image=&#8220;54&#8243; img_size=&#8220;medium&#8220; alignment=&#8220;center&#8220; onclick=&#8220;custom_link&#8220; img_link_target=&#8220;_blank&#8220; link=&#8220;http:\/\/ekke.gr&#8220;][\/vc_column][\/vc_row][vc_row css=&#8220;.vc_custom_1602003402488{padding-top: 30px !important;padding-right: 30px !important;padding-bottom: 15px !important;padding-left: 30px !important;background-color: #ffffff !important;}&#8220;][vc_column width=&#8220;1\/5&#8243;][vc_single_image image=&#8220;60&#8243; img_size=&#8220;full&#8220; alignment=&#8220;center&#8220; onclick=&#8220;custom_link&#8220; img_link_target=&#8220;_blank&#8220; link=&#8220;http:\/\/ec.europa.eu\/index_it.htm&#8220;][\/vc_column][vc_column width=&#8220;1\/5&#8243;][vc_single_image image=&#8220;59&#8243; img_size=&#8220;full&#8220; alignment=&#8220;center&#8220; onclick=&#8220;custom_link&#8220; img_link_target=&#8220;_blank&#8220; link=&#8220;http:\/\/www3.regione.molise.it\/flex\/cm\/pages\/ServeBLOB.php\/L\/IT\/IDPagina\/1&#8243;][\/vc_column][vc_column width=&#8220;1\/5&#8243;][vc_single_image image=&#8220;58&#8243; img_size=&#8220;full&#8220; alignment=&#8220;center&#8220; onclick=&#8220;custom_link&#8220; img_link_target=&#8220;_blank&#8220; link=&#8220;http:\/\/ambitosocialecb.it\/&#8220;][\/vc_column][vc_column width=&#8220;1\/5&#8243;][vc_single_image image=&#8220;57&#8243; img_size=&#8220;full&#8220; alignment=&#8220;center&#8220; onclick=&#8220;custom_link&#8220; img_link_target=&#8220;_blank&#8220; link=&#8220;https:\/\/www.ares.cb.it\/&#8220;][\/vc_column][vc_column width=&#8220;1\/5&#8243;][vc_single_image image=&#8220;56&#8243; img_size=&#8220;full&#8220; alignment=&#8220;center&#8220; onclick=&#8220;custom_link&#8220; img_link_target=&#8220;_blank&#8220; link=&#8220;http:\/\/www.interno.gov.it\/it&#8220;][\/vc_column][\/vc_row][vc_row full_width=&#8220;stretch_row_content_no_spaces&#8220; css=&#8220;.vc_custom_1601994960867{padding-right: 40px !important;padding-bottom: 60px !important;padding-left: 40px !important;background-color: #ffffff !important;}&#8220;][vc_column][vc_separator color=&#8220;custom&#8220; border_width=&#8220;2&#8243; accent_color=&#8220;#52ad5b&#8220;][vc_column_text css=&#8220;.vc_custom_1602003443503{padding-top: 15px !important;}&#8220;]<\/p>\n<h4 style=\"text-align: center;\">REGIONE MOLISE<\/h4>\n<p style=\"text-align: center; font-family: Open Sans;\">FAMI 2014-2020 &#8211; OS 2 \u2013 INTEGRAZIONE\/MIGRAZIONE LEGALE \u2013 ON 3 \u2013 Capacity building- lett. m) &#8211; SCAMBIO DI BUONE PRATICHE- Inclusione sociale ed economica SM- Annualit\u00e0 2018- Capofila: Ambito Territoriale Sociale Campobasso &#8211; partner: Regione Molise &#8211; ARES scarl &#8211; Titolo del Progetto:INEM International NEtwork for Migrants &#8211; PROG-1918 \u2013 CUP D75B18002080005<\/p>\n<h4 style=\"text-align: center;\">INEM PROJECT<\/h4>\n<p style=\"text-align: center; font-family: Open Sans;\">This website has been produced with the support of the European Commission. The contents of this website reflect the views only of the partners of the project INEM\u2013 Molise \u2013 \u201cFAMI 2014 -2020\u201d \u2013 ON3 Integrazione -, so the Commission cannot be held responsible for any use which may be made of the information contained therein.<\/p>\n<p>[\/vc_column_text][\/vc_column][\/vc_row]<\/li>\n<\/ul>\n<\/li>\n<\/ul>\n<\/li>\n<\/ul>\n","protected":false},"excerpt":{"rendered":"<p>[vc_row full_width=&#8220;stretch_row_content_no_spaces&#8220;][vc_column][rev_slider_vc alias=&#8220;inemhome&#8220;][\/vc_column][\/vc_row][vc_row full_width=&#8220;stretch_row_content&#8220; row_type=&#8220;parallax&#8220; content_width=&#8220;grid&#8220; full_screen_section_height=&#8220;yes&#8220; vertically_align_content_in_middle=&#8220;yes&#8220; parallax_background_image=&#8220;30&#8243; css=&#8220;.vc_custom_1602003118291{margin-top: -50px !important;padding-top: 15px !important;padding-right: 30px !important;padding-bottom: 15px !important;padding-left: 30px !important;background-image: url(http:\/\/inemproject.com\/wp-content\/uploads\/2019\/12\/home-13-image-2.jpg?id=51) !important;background-position: center !important;background-repeat: no-repeat !important;background-size: cover !important;}&#8220;][vc_column offset=&#8220;vc_col-lg-6 vc_col-md-12&#8243;][vc_column_text] [\/vc_column_text][vc_column_text] DAS PROJEKT Das Projekt INEM hat es sich zum Ziel gesetzt, den Austausch von Good Practice-Beispielen im Integrationsbereich zu f\u00f6rdern.[\/vc_column_text][vc_column_text][\/vc_column_text][\/vc_column][vc_column offset=&#8220;vc_col-lg-6 vc_col-md-12&#8243;][vc_column_text] [\/vc_column_text][vc_column_text] UNSERE<\/p>\n","protected":false},"author":1,"featured_media":0,"parent":0,"menu_order":0,"comment_status":"closed","ping_status":"closed","template":"","meta":{"footnotes":""},"class_list":["post-540","page","type-page","status-publish","hentry"],"yoast_head":"<!-- This site is optimized with the Yoast SEO plugin v23.4 - https:\/\/yoast.com\/wordpress\/plugins\/seo\/ -->\n<title>INEM Project - International network for migrants - FAMI 2014-2020<\/title>\n<meta name=\"description\" content=\"Il progetto INEM preve lo scambio intelligente di buone prassi di integrazione. L&#039;obiettivo principale \u00e8 dare vita ad una rete per l&#039;integrazione...\" \/>\n<meta name=\"robots\" content=\"index, follow, max-snippet:-1, max-image-preview:large, max-video-preview:-1\" \/>\n<link rel=\"canonical\" href=\"https:\/\/inemproject.com\/de\/\" \/>\n<meta property=\"og:locale\" content=\"de_DE\" \/>\n<meta property=\"og:type\" content=\"article\" \/>\n<meta property=\"og:title\" content=\"INEM Project - International network for migrants - FAMI 2014-2020\" \/>\n<meta property=\"og:description\" content=\"Il progetto INEM preve lo scambio intelligente di buone prassi di integrazione. L&#039;obiettivo principale \u00e8 dare vita ad una rete per l&#039;integrazione...\" \/>\n<meta property=\"og:url\" content=\"https:\/\/inemproject.com\/de\/\" \/>\n<meta property=\"og:site_name\" content=\"Inem\" \/>\n<meta property=\"article:modified_time\" content=\"2020-10-06T16:57:29+00:00\" \/>\n<meta name=\"twitter:card\" content=\"summary_large_image\" \/>\n<meta name=\"twitter:label1\" content=\"Gesch\u00e4tzte Lesezeit\" \/>\n\t<meta name=\"twitter:data1\" content=\"5\u00a0Minuten\" \/>\n<script type=\"application\/ld+json\" class=\"yoast-schema-graph\">{\"@context\":\"https:\/\/schema.org\",\"@graph\":[{\"@type\":\"WebPage\",\"@id\":\"https:\/\/inemproject.com\/de\/\",\"url\":\"https:\/\/inemproject.com\/de\/\",\"name\":\"INEM Project - International network for migrants - FAMI 2014-2020\",\"isPartOf\":{\"@id\":\"https:\/\/inemproject.com\/#website\"},\"datePublished\":\"2019-12-02T16:12:44+00:00\",\"dateModified\":\"2020-10-06T16:57:29+00:00\",\"description\":\"Il progetto INEM preve lo scambio intelligente di buone prassi di integrazione. L'obiettivo principale \u00e8 dare vita ad una rete per l'integrazione...\",\"breadcrumb\":{\"@id\":\"https:\/\/inemproject.com\/de\/#breadcrumb\"},\"inLanguage\":\"de\",\"potentialAction\":[{\"@type\":\"ReadAction\",\"target\":[\"https:\/\/inemproject.com\/de\/\"]}]},{\"@type\":\"BreadcrumbList\",\"@id\":\"https:\/\/inemproject.com\/de\/#breadcrumb\",\"itemListElement\":[{\"@type\":\"ListItem\",\"position\":1,\"name\":\"Home\",\"item\":\"https:\/\/inemproject.com\/de\/\"},{\"@type\":\"ListItem\",\"position\":2,\"name\":\"Home\"}]},{\"@type\":\"WebSite\",\"@id\":\"https:\/\/inemproject.com\/#website\",\"url\":\"https:\/\/inemproject.com\/\",\"name\":\"Inem\",\"description\":\"International network for migrants\",\"potentialAction\":[{\"@type\":\"SearchAction\",\"target\":{\"@type\":\"EntryPoint\",\"urlTemplate\":\"https:\/\/inemproject.com\/?s={search_term_string}\"},\"query-input\":{\"@type\":\"PropertyValueSpecification\",\"valueRequired\":true,\"valueName\":\"search_term_string\"}}],\"inLanguage\":\"de\"}]}<\/script>\n<!-- \/ Yoast SEO plugin. -->","yoast_head_json":{"title":"INEM Project - International network for migrants - FAMI 2014-2020","description":"Il progetto INEM preve lo scambio intelligente di buone prassi di integrazione. L'obiettivo principale \u00e8 dare vita ad una rete per l'integrazione...","robots":{"index":"index","follow":"follow","max-snippet":"max-snippet:-1","max-image-preview":"max-image-preview:large","max-video-preview":"max-video-preview:-1"},"canonical":"https:\/\/inemproject.com\/de\/","og_locale":"de_DE","og_type":"article","og_title":"INEM Project - International network for migrants - FAMI 2014-2020","og_description":"Il progetto INEM preve lo scambio intelligente di buone prassi di integrazione. L'obiettivo principale \u00e8 dare vita ad una rete per l'integrazione...","og_url":"https:\/\/inemproject.com\/de\/","og_site_name":"Inem","article_modified_time":"2020-10-06T16:57:29+00:00","twitter_card":"summary_large_image","twitter_misc":{"Gesch\u00e4tzte Lesezeit":"5\u00a0Minuten"},"schema":{"@context":"https:\/\/schema.org","@graph":[{"@type":"WebPage","@id":"https:\/\/inemproject.com\/de\/","url":"https:\/\/inemproject.com\/de\/","name":"INEM Project - International network for migrants - FAMI 2014-2020","isPartOf":{"@id":"https:\/\/inemproject.com\/#website"},"datePublished":"2019-12-02T16:12:44+00:00","dateModified":"2020-10-06T16:57:29+00:00","description":"Il progetto INEM preve lo scambio intelligente di buone prassi di integrazione. L'obiettivo principale \u00e8 dare vita ad una rete per l'integrazione...","breadcrumb":{"@id":"https:\/\/inemproject.com\/de\/#breadcrumb"},"inLanguage":"de","potentialAction":[{"@type":"ReadAction","target":["https:\/\/inemproject.com\/de\/"]}]},{"@type":"BreadcrumbList","@id":"https:\/\/inemproject.com\/de\/#breadcrumb","itemListElement":[{"@type":"ListItem","position":1,"name":"Home","item":"https:\/\/inemproject.com\/de\/"},{"@type":"ListItem","position":2,"name":"Home"}]},{"@type":"WebSite","@id":"https:\/\/inemproject.com\/#website","url":"https:\/\/inemproject.com\/","name":"Inem","description":"International network for migrants","potentialAction":[{"@type":"SearchAction","target":{"@type":"EntryPoint","urlTemplate":"https:\/\/inemproject.com\/?s={search_term_string}"},"query-input":{"@type":"PropertyValueSpecification","valueRequired":true,"valueName":"search_term_string"}}],"inLanguage":"de"}]}},"_links":{"self":[{"href":"https:\/\/inemproject.com\/de\/wp-json\/wp\/v2\/pages\/540"}],"collection":[{"href":"https:\/\/inemproject.com\/de\/wp-json\/wp\/v2\/pages"}],"about":[{"href":"https:\/\/inemproject.com\/de\/wp-json\/wp\/v2\/types\/page"}],"author":[{"embeddable":true,"href":"https:\/\/inemproject.com\/de\/wp-json\/wp\/v2\/users\/1"}],"replies":[{"embeddable":true,"href":"https:\/\/inemproject.com\/de\/wp-json\/wp\/v2\/comments?post=540"}],"version-history":[{"count":5,"href":"https:\/\/inemproject.com\/de\/wp-json\/wp\/v2\/pages\/540\/revisions"}],"predecessor-version":[{"id":778,"href":"https:\/\/inemproject.com\/de\/wp-json\/wp\/v2\/pages\/540\/revisions\/778"}],"wp:attachment":[{"href":"https:\/\/inemproject.com\/de\/wp-json\/wp\/v2\/media?parent=540"}],"curies":[{"name":"wp","href":"https:\/\/api.w.org\/{rel}","templated":true}]}}